{"id":1034,"date":"2020-02-28T22:41:45","date_gmt":"2020-02-28T22:41:45","guid":{"rendered":"https:\/\/casadabalconada.com\/?page_id=1034"},"modified":"2025-08-01T12:29:55","modified_gmt":"2025-08-01T12:29:55","slug":"home","status":"publish","type":"page","link":"https:\/\/casadabalconada.com\/","title":{"rendered":"home"},"content":{"rendered":"<p>[et_pb_section fb_built=\u00bb1&#8243; fullwidth=\u00bbon\u00bb _builder_version=\u00bb4.16&#8243; custom_margin=\u00bb30px||||false|false\u00bb custom_margin_tablet=\u00bb\u00bb custom_margin_phone=\u00bb\u00bb custom_margin_last_edited=\u00bbon|desktop\u00bb global_colors_info=\u00bb{}\u00bb][et_pb_fullwidth_code _builder_version=\u00bb4.16&#8243; global_colors_info=\u00bb{}\u00bb]  <div  id=\"avirato_container\" style=\"  margin:0 auto; width:100%;z-index: 900;\">\r\n      <div class=\"avirato_form\" >\r\n\r\n      <form id=\"form_avirato\" class=\"simpleCal\" action=\"https:\/\/avirato.com\/motor_reservas\/reserva_online.php?code=22382520\" target=\"_blank\" method=\"POST\">\r\n      <div>\r\n      <input  placeholder=\"Llegada\" type=\"text\" id=\"date-picker-1-1\" readonly=\"readonly\" style=\"\" name=\"from\" > <span class=\"material-icons iconAv\">event<\/span>\r\n      <\/div>\r\n      <div>\r\n      <input  placeholder=\"Salida\" type=\"text\" id=\"date-picker-2-1\" readonly=\"readonly\" name=\"to\" style=\"\" ><span class=\"material-icons iconAv\">event<\/span>\r\n      <\/div>\r\n      <div>\r\n      <input type=\"text\" id=\"prom\" name=\"cod_promocional\" placeholder=\"C\u00f3digo Promocional\">\r\n      <\/div>\r\n      <div>\r\n      <input class=\"btn\" style=\"\" id=\"check-availability\" type=\"submit\" value=\"Reservar\">\r\n      <\/div>\r\n      <\/form>\r\n      <\/div>\r\n      <\/div>\r\n      \t[\/et_pb_fullwidth_code][\/et_pb_section][et_pb_section fb_built=\u00bb1&#8243; fullwidth=\u00bbon\u00bb admin_label=\u00bbHero Section\u00bb _builder_version=\u00bb4.16&#8243; global_colors_info=\u00bb{}\u00bb][et_pb_fullwidth_header subhead=\u00bbBienvenidos &#038; welcome\u00bb text_orientation=\u00bbright\u00bb button_one_text=\u00bbCOMO LLEGAR\u00bb button_one_url=\u00bbhttps:\/\/casadabalconada.com\/index.php\/comollegar\/\u00bb content_max_width=\u00bb550px\u00bb subhead_tablet=\u00bb\u00bb subhead_phone=\u00bb\u00bb subhead_last_edited=\u00bbon|desktop\u00bb button_one_text_tablet=\u00bb\u00bb button_one_text_phone=\u00bb\u00bb button_one_text_last_edited=\u00bbon|phone\u00bb disabled_on=\u00bboff|off|off\u00bb _builder_version=\u00bb4.16&#8243; title_font=\u00bbMontserrat|700||on|||||\u00bb title_text_color=\u00bb#edbb5f\u00bb title_font_size=\u00bb14px\u00bb title_letter_spacing=\u00bb2px\u00bb title_line_height=\u00bb1.8em\u00bb subhead_font=\u00bbPlayfair Display|700||on|||||\u00bb subhead_text_color=\u00bb#000000&#8243; subhead_font_size=\u00bb48px\u00bb subhead_line_height=\u00bb1.4em\u00bb background_color=\u00bbrgba(255, 255, 255, 0)\u00bb background_image=\u00bbhttps:\/\/casadabalconada.com\/wp-content\/uploads\/2020\/02\/HabitacionA7_1920x895.jpg\u00bb custom_button_one=\u00bbon\u00bb button_one_text_size=\u00bb20px\u00bb button_one_bg_color=\u00bb#5b8500&#8243; button_one_border_width=\u00bb2px\u00bb button_one_border_color=\u00bbrgba(255,255,255,0.3)\u00bb button_one_border_radius=\u00bb25px\u00bb button_one_letter_spacing=\u00bb1px\u00bb button_one_font=\u00bbMontserrat|600||on|||||\u00bb button_one_icon=\u00bb&#x24;||divi||400&#8243; button_one_icon_color=\u00bbrgba(0,0,0,0)\u00bb custom_button_two=\u00bbon\u00bb button_two_border_width=\u00bb1px\u00bb button_two_border_color=\u00bbrgba(255,255,255,0.3)\u00bb button_two_border_radius=\u00bb0px\u00bb button_two_letter_spacing=\u00bb1px\u00bb button_two_font=\u00bbSaira Extra Condensed|600||on|||||\u00bb button_two_icon=\u00bb&#x24;||divi||400&#8243; button_two_icon_color=\u00bb#edbb5f\u00bb custom_margin=\u00bb|||\u00bb custom_padding=\u00bb8%||370px|||\u00bb subhead_font_tablet=\u00bb\u00bb subhead_font_phone=\u00bb\u00bb subhead_font_last_edited=\u00bbon|phone\u00bb subhead_text_color_tablet=\u00bbrgba(0,0,0,0)\u00bb subhead_text_color_phone=\u00bbrgba(0,0,0,0)\u00bb subhead_text_color_last_edited=\u00bbon|phone\u00bb background_last_edited=\u00bbon|desktop\u00bb background_image_tablet=\u00bbhttps:\/\/casadabalconada.com\/wp-content\/uploads\/2020\/02\/HABITACIO\u0301N-A-EXTERIOR-3-scaled.jpg\u00bb background_image_phone=\u00bbhttps:\/\/casadabalconada.com\/wp-content\/uploads\/2020\/02\/HABITACIO\u0301N-A-EXTERIOR-3-scaled.jpg\u00bb background_enable_image_tablet=\u00bbon\u00bb background_enable_image_phone=\u00bbon\u00bb button_one_text_color_tablet=\u00bb\u00bb button_one_text_color_phone=\u00bbrgba(0,0,0,0)\u00bb button_one_text_color_last_edited=\u00bbon|phone\u00bb button_one_bg_color_tablet=\u00bb\u00bb button_one_bg_color_phone=\u00bb\u00bb button_one_bg_color_last_edited=\u00bbon|phone\u00bb button_one_bg_enable_color_phone=\u00bboff\u00bb button_one_border_width_tablet=\u00bb\u00bb button_one_border_width_phone=\u00bb0px\u00bb button_one_border_width_last_edited=\u00bbon|phone\u00bb button_one_border_color_tablet=\u00bb\u00bb button_one_border_color_phone=\u00bbrgba(124,218,36,0.03)\u00bb button_one_border_color_last_edited=\u00bbon|phone\u00bb button_one_border_radius_tablet=\u00bb\u00bb button_one_border_radius_phone=\u00bb0px\u00bb button_one_border_radius_last_edited=\u00bbon|phone\u00bb border_width_all_image=\u00bb2px\u00bb border_color_all_image=\u00bb#ffffff\u00bb box_shadow_style_image=\u00bbpreset4&#8243; button_one_text_color_hover=\u00bb#edbb5f\u00bb button_two_text_color_hover=\u00bb#edbb5f\u00bb button_one_bg_color_hover=\u00bbrgba(0,0,0,0)\u00bb button_two_bg_color_hover=\u00bbrgba(0,0,0,0)\u00bb global_colors_info=\u00bb{}\u00bb button_one_text_size__hover_enabled=\u00bboff\u00bb button_two_text_size__hover_enabled=\u00bboff\u00bb button_one_text_color__hover_enabled=\u00bbon|desktop\u00bb button_one_text_color__hover=\u00bb#ffffff\u00bb button_two_text_color__hover_enabled=\u00bbon\u00bb button_two_text_color__hover=\u00bb#edbb5f\u00bb button_one_border_width__hover_enabled=\u00bboff\u00bb button_two_border_width__hover_enabled=\u00bboff\u00bb button_one_border_color__hover_enabled=\u00bboff\u00bb button_two_border_color__hover_enabled=\u00bboff\u00bb button_one_border_radius__hover_enabled=\u00bboff\u00bb button_two_border_radius__hover_enabled=\u00bboff\u00bb button_one_letter_spacing__hover_enabled=\u00bboff\u00bb button_two_letter_spacing__hover_enabled=\u00bboff\u00bb button_one_bg_color__hover_enabled=\u00bbon\u00bb button_one_bg_color__hover=\u00bbrgba(0,0,0,0)\u00bb button_two_bg_color__hover_enabled=\u00bbon\u00bb button_two_bg_color__hover=\u00bbrgba(0,0,0,0)\u00bb background__hover_enabled=\u00bboff|desktop\u00bb][\/et_pb_fullwidth_header][\/et_pb_section][et_pb_section fb_built=\u00bb1&#8243; admin_label=\u00bbFree Consultation\u00bb _builder_version=\u00bb4.16&#8243; custom_margin=\u00bb||-130px||false|false\u00bb custom_padding=\u00bb0px|0px|100px|0px\u00bb global_colors_info=\u00bb{}\u00bb][et_pb_row column_structure=\u00bb1_2,1_2&#8243; _builder_version=\u00bb4.16&#8243; custom_padding=\u00bb|||\u00bb global_colors_info=\u00bb{}\u00bb][et_pb_column type=\u00bb1_2&#8243; _builder_version=\u00bb4.16&#8243; custom_padding=\u00bb|||\u00bb global_colors_info=\u00bb{}\u00bb custom_padding__hover=\u00bb|||\u00bb][et_pb_cta title=\u00bbRESERVA DESDE NUESTRA WEB OFICIAL Y CONSIGUE\u00bb button_url=\u00bbhttps:\/\/casadabalconada.com\/index.php\/reservas\/\u00bb button_text=\u00bbCODIGO PROMOCIONAL WEB10&#8243; _builder_version=\u00bb4.16&#8243; header_font=\u00bbPoppins|700||on|||||\u00bb header_text_color=\u00bb#651906&#8243; header_font_size=\u00bb14px\u00bb header_letter_spacing=\u00bb2px\u00bb body_font=\u00bbMontserrat|700||on|||||\u00bb body_font_size=\u00bb38px\u00bb body_line_height=\u00bb1.4em\u00bb background_color=\u00bb#ffffff\u00bb background_enable_image=\u00bboff\u00bb custom_button=\u00bbon\u00bb button_text_color=\u00bb#ffffff\u00bb button_bg_color=\u00bb#651906&#8243; button_border_width=\u00bb0px\u00bb button_border_radius=\u00bb0px\u00bb button_letter_spacing=\u00bb1px\u00bb button_font=\u00bbMontserrat|600||on|||||\u00bb button_use_icon=\u00bboff\u00bb custom_margin=\u00bb-200px|||\u00bb custom_padding=\u00bb10%||10%|\u00bb animation_style=\u00bbzoom\u00bb animation_direction=\u00bbleft\u00bb animation_duration=\u00bb1200ms\u00bb animation_starting_opacity=\u00bb100%\u00bb animation_repeat=\u00bbloop\u00bb link_option_url=\u00bbhttps:\/\/casadabalconada.com\/index.php\/reservas\/\u00bb body_text_shadow_style=\u00bbpreset4&#8243; body_text_shadow_color=\u00bb#ffffff\u00bb box_shadow_style=\u00bbpreset3&#8243; box_shadow_vertical=\u00bb15px\u00bb box_shadow_blur=\u00bb80px\u00bb box_shadow_color=\u00bbrgba(0,0,0,0.2)\u00bb button_border_radius_hover=\u00bb1px\u00bb locked=\u00bboff\u00bb global_colors_info=\u00bb{}\u00bb button_text_size__hover_enabled=\u00bboff\u00bb button_one_text_size__hover_enabled=\u00bboff\u00bb button_two_text_size__hover_enabled=\u00bboff\u00bb button_text_color__hover_enabled=\u00bboff\u00bb button_one_text_color__hover_enabled=\u00bboff\u00bb button_two_text_color__hover_enabled=\u00bboff\u00bb button_border_width__hover_enabled=\u00bboff\u00bb button_one_border_width__hover_enabled=\u00bboff\u00bb button_two_border_width__hover_enabled=\u00bboff\u00bb button_border_color__hover_enabled=\u00bboff\u00bb button_one_border_color__hover_enabled=\u00bboff\u00bb button_two_border_color__hover_enabled=\u00bboff\u00bb button_border_radius__hover_enabled=\u00bbon\u00bb button_border_radius__hover=\u00bb1px\u00bb button_one_border_radius__hover_enabled=\u00bboff\u00bb button_two_border_radius__hover_enabled=\u00bboff\u00bb button_letter_spacing__hover_enabled=\u00bboff\u00bb button_one_letter_spacing__hover_enabled=\u00bboff\u00bb button_two_letter_spacing__hover_enabled=\u00bboff\u00bb button_bg_color__hover_enabled=\u00bboff\u00bb button_one_bg_color__hover_enabled=\u00bboff\u00bb button_two_bg_color__hover_enabled=\u00bboff\u00bb]<\/p>\n<h1><span style=\"color: #0000ff;\"><strong>10% DE DESCUENTO<\/strong><\/span><\/h1>\n<p>[\/et_pb_cta][\/et_pb_column][et_pb_column type=\u00bb1_2&#8243; _builder_version=\u00bb4.16&#8243; custom_padding=\u00bb|||\u00bb global_colors_info=\u00bb{}\u00bb custom_padding__hover=\u00bb|||\u00bb][\/et_pb_column][\/et_pb_row][\/et_pb_section][et_pb_section fb_built=\u00bb1&#8243; _builder_version=\u00bb4.16&#8243; global_colors_info=\u00bb{}\u00bb][et_pb_row column_structure=\u00bb1_5,1_5,1_5,1_5,1_5&#8243; _builder_version=\u00bb4.16&#8243; global_colors_info=\u00bb{}\u00bb][et_pb_column type=\u00bb1_5&#8243; _builder_version=\u00bb4.16&#8243; global_colors_info=\u00bb{}\u00bb][et_pb_blurb title=\u00bbUBICACI\u00d3N\u00bb use_icon=\u00bbon\u00bb font_icon=\u00bb&#xe01d;||divi||400&#8243; icon_color=\u00bb#0c71c3&#8243; icon_placement=\u00bbleft\u00bb _builder_version=\u00bb4.16&#8243; header_level=\u00bbh3&#8243; header_font=\u00bbGilda Display||||||||\u00bb header_text_align=\u00bbcenter\u00bb header_text_color=\u00bb#000000&#8243; body_font=\u00bbGilda Display||||||||\u00bb body_text_align=\u00bbcenter\u00bb body_text_color=\u00bb#000000&#8243; global_colors_info=\u00bb{}\u00bb]<\/p>\n<p>R\u00faa Xelmirez 9, Santiago de Compostela, A Coru\u00f1a, 15704<\/p>\n<p>[\/et_pb_blurb][\/et_pb_column][et_pb_column type=\u00bb1_5&#8243; _builder_version=\u00bb4.16&#8243; global_colors_info=\u00bb{}\u00bb][et_pb_blurb title=\u00bbHABITACIONES\u00bb use_icon=\u00bbon\u00bb font_icon=\u00bb&#xe074;||divi||400&#8243; icon_color=\u00bb#0c71c3&#8243; icon_placement=\u00bbleft\u00bb _builder_version=\u00bb4.16&#8243; header_level=\u00bbh3&#8243; header_font=\u00bbGilda Display||||||||\u00bb header_text_align=\u00bbcenter\u00bb body_font=\u00bbGilda Display||||||||\u00bb body_text_align=\u00bbcenter\u00bb body_text_color=\u00bb#000000&#8243; text_orientation=\u00bbcenter\u00bb global_colors_info=\u00bb{}\u00bb]<\/p>\n<p>3 Habitaciones Dobles con Balcon, 3 Habitaciones Dobles Est\u00e1ndar<\/p>\n<p>[\/et_pb_blurb][\/et_pb_column][et_pb_column type=\u00bb1_5&#8243; _builder_version=\u00bb4.16&#8243; global_colors_info=\u00bb{}\u00bb][et_pb_blurb title=\u00bbCONTACTO\u00bb use_icon=\u00bbon\u00bb font_icon=\u00bb&#xe010;||divi||400&#8243; icon_color=\u00bb#0c71c3&#8243; icon_placement=\u00bbleft\u00bb _builder_version=\u00bb4.16&#8243; header_level=\u00bbh3&#8243; header_font=\u00bbGilda Display||||||||\u00bb header_text_align=\u00bbcenter\u00bb header_text_color=\u00bb#000000&#8243; body_font=\u00bbGilda Display||||||||\u00bb body_text_align=\u00bbcenter\u00bb body_text_color=\u00bb#000000&#8243; text_orientation=\u00bbcenter\u00bb global_colors_info=\u00bb{}\u00bb]<\/p>\n<p><strong>+34 625 892 742 Cristina <\/strong>casadabalconada@gmail.com<\/p>\n<p>[\/et_pb_blurb][\/et_pb_column][et_pb_column type=\u00bb1_5&#8243; _builder_version=\u00bb4.16&#8243; global_colors_info=\u00bb{}\u00bb][et_pb_blurb title=\u00bbPARKING\u00bb use_icon=\u00bbon\u00bb font_icon=\u00bb&#xe082;||divi||400&#8243; icon_color=\u00bb#0c71c3&#8243; icon_placement=\u00bbleft\u00bb _builder_version=\u00bb4.27.4&#8243; header_level=\u00bbh3&#8243; header_font=\u00bbGilda Display||||||||\u00bb header_text_align=\u00bbcenter\u00bb header_text_color=\u00bb#000000&#8243; body_font=\u00bbGilda Display||||||||\u00bb body_text_align=\u00bbcenter\u00bb body_text_color=\u00bb#000000&#8243; text_orientation=\u00bbcenter\u00bb hover_enabled=\u00bb0&#8243; global_colors_info=\u00bb{}\u00bb sticky_enabled=\u00bb0&#8243;]<\/p>\n<p style=\"text-align: center;\">\u00a0Av. de Rodrigo del Padron, s\/n 15705 Santiago de Compostela <strong><span style=\"color: #ff0000;\">(16,40\u20ac \/ 24 h)<\/span><\/strong><\/p>\n<p>[\/et_pb_blurb][\/et_pb_column][et_pb_column type=\u00bb1_5&#8243; _builder_version=\u00bb4.16&#8243; global_colors_info=\u00bb{}\u00bb][et_pb_button button_url=\u00bbhttps:\/\/casadabalconada.com\/index.php\/reservas\/\u00bb button_text=\u00bbRESERVA AHORA\u00bb button_alignment=\u00bbcenter\u00bb _builder_version=\u00bb4.16&#8243; custom_button=\u00bbon\u00bb button_text_size=\u00bb32px\u00bb button_text_color=\u00bb#ffffff\u00bb button_bg_color=\u00bb#0c71c3&#8243; button_border_width=\u00bb0px\u00bb button_border_color=\u00bb#000000&#8243; button_font=\u00bbMontserrat|700|||||||\u00bb button_icon_color=\u00bb#ffffff\u00bb background_layout=\u00bbdark\u00bb animation_style=\u00bbflip\u00bb global_colors_info=\u00bb{}\u00bb][\/et_pb_button][\/et_pb_column][\/et_pb_row][et_pb_row _builder_version=\u00bb4.16&#8243; global_colors_info=\u00bb{}\u00bb][et_pb_column type=\u00bb4_4&#8243; _builder_version=\u00bb4.16&#8243; global_colors_info=\u00bb{}\u00bb][et_pb_blurb title=\u00bb\u00a1IMPORTANTE!\u00bb _builder_version=\u00bb4.16&#8243; header_level=\u00bbh1&#8243; header_font=\u00bbMontserrat||||||||\u00bb header_text_align=\u00bbcenter\u00bb header_text_color=\u00bb#ffffff\u00bb body_font=\u00bbMontserrat||||||||\u00bb body_text_align=\u00bbcenter\u00bb body_text_color=\u00bb#ffffff\u00bb body_font_size=\u00bb16px\u00bb background_color=\u00bb#0c71c3&#8243; text_orientation=\u00bbcenter\u00bb border_width_all=\u00bb1px\u00bb box_shadow_style=\u00bbpreset2&#8243; global_colors_info=\u00bb{}\u00bb]<\/p>\n<p>CASA\u00a0 DA\u00a0 BALCONADA\u00a0 ESTA\u00a0 UBICADA EN\u00a0 LA\u00a0 ZONA\u00a0 PEATONAL!<\/p>\n<p>[\/et_pb_blurb][\/et_pb_column][\/et_pb_row][\/et_pb_section][et_pb_section fb_built=\u00bb1&#8243; admin_label=\u00bbAbout Us\u00bb module_id=\u00bbnuestrapension\u00bb _builder_version=\u00bb4.16&#8243; min_height=\u00bb1519px\u00bb custom_padding=\u00bb0px|||||\u00bb global_colors_info=\u00bb{}\u00bb][et_pb_row column_structure=\u00bb1_2,1_2&#8243; custom_padding_last_edited=\u00bboff|desktop\u00bb _builder_version=\u00bb4.16&#8243; custom_padding=\u00bb27px|0px|0|0px|false|false\u00bb custom_padding_tablet=\u00bb|0px||0px||true\u00bb global_colors_info=\u00bb{}\u00bb][et_pb_column type=\u00bb1_2&#8243; _builder_version=\u00bb4.16&#8243; custom_padding=\u00bb|||\u00bb global_colors_info=\u00bb{}\u00bb custom_padding__hover=\u00bb|||\u00bb][et_pb_text _builder_version=\u00bb4.16&#8243; text_font=\u00bb||||||||\u00bb text_font_size=\u00bb16px\u00bb text_line_height=\u00bb2em\u00bb header_font=\u00bb||||||||\u00bb header_2_font=\u00bbRaleway|700|||||||\u00bb header_2_font_size=\u00bb50px\u00bb header_2_line_height=\u00bb1.4em\u00bb header_6_font=\u00bbRaleway|700||on|||||\u00bb header_6_font_size=\u00bb16px\u00bb header_6_letter_spacing=\u00bb5px\u00bb header_6_line_height=\u00bb1.8em\u00bb max_width=\u00bb700px\u00bb module_alignment=\u00bbcenter\u00bb header_2_font_size_tablet=\u00bb35px\u00bb header_2_font_size_phone=\u00bb25px\u00bb header_2_font_size_last_edited=\u00bbon|phone\u00bb global_colors_info=\u00bb{}\u00bb]<\/p>\n<h6>Bienvenidos a<\/h6>\n<h2>NUESTRA PENSION\u00a0<\/h2>\n<p>[\/et_pb_text][et_pb_gallery gallery_ids=\u00bb160,161,138,139,137,132,156&#8243; fullwidth=\u00bbon\u00bb _builder_version=\u00bb4.16&#8243; auto=\u00bbon\u00bb global_colors_info=\u00bb{}\u00bb][\/et_pb_gallery][et_pb_gallery gallery_ids=\u00bb81&#8243; fullwidth=\u00bbon\u00bb _builder_version=\u00bb4.16&#8243; global_colors_info=\u00bb{}\u00bb][\/et_pb_gallery][\/et_pb_column][et_pb_column type=\u00bb1_2&#8243; _builder_version=\u00bb4.16&#8243; custom_padding=\u00bb|||\u00bb global_colors_info=\u00bb{}\u00bb custom_padding__hover=\u00bb|||\u00bb][et_pb_text _builder_version=\u00bb4.16&#8243; text_font=\u00bb||||||||\u00bb text_text_color=\u00bb#000000&#8243; text_font_size=\u00bb17px\u00bb text_line_height=\u00bb2.1em\u00bb header_font=\u00bb||||||||\u00bb header_2_font=\u00bbRaleway|700|||||||\u00bb header_2_font_size=\u00bb50px\u00bb header_2_line_height=\u00bb1.4em\u00bb header_6_font=\u00bbRaleway|700||on|||||\u00bb header_6_font_size=\u00bb16px\u00bb header_6_letter_spacing=\u00bb5px\u00bb header_6_line_height=\u00bb1.8em\u00bb max_width=\u00bb700px\u00bb module_alignment=\u00bbcenter\u00bb header_2_font_size_tablet=\u00bb35px\u00bb header_2_font_size_phone=\u00bb25px\u00bb header_2_font_size_last_edited=\u00bbon|phone\u00bb locked=\u00bboff\u00bb global_colors_info=\u00bb{}\u00bb]<\/p>\n<p><span style=\"font-size: x-large;\">Casa da Balconada, situada en el coraz\u00f3n de Santiago de Compostela en pleno casco hist\u00f3rico, se encuentra a menos de 50 metros de la Praza do Obradoiro.<\/span><br \/> Casa da Balconada cuenta con un ambiente acogedor, una amalgama entre lo moderno de las instalaciones y lo antiguo de su historia.<br \/> En la planta baja disponemos la recepci\u00f3n, una sala de estar y un patio interior donde relajarse.<br \/> El edificio, que antiguamente se conoc\u00eda como A Casa do Zapateiro, conserva la fachada original de piedra con balcones y recientemente se realiz\u00f3 una reforma de acondicionamiento en la que se a\u00f1adieron dos nuevas plantas.<br \/> El edificio con jardin, que se encuentra en frente a la fachada de nuestra pension, pertenece actualmente a la Universidad de Santiago de Compostela, tambien se conoce como Casa da Balconada, conocida por el asesinato del Arzobispo Suero G\u00f3mez de Toledo y de un de\u00e1n en el Obradoiro en el siglo XIV.<\/p>\n<p>[\/et_pb_text][\/et_pb_column][\/et_pb_row][et_pb_row column_structure=\u00bb1_3,1_3,1_3&#8243; _builder_version=\u00bb4.16&#8243; custom_margin=\u00bb30px||30px||true\u00bb border_color_all=\u00bb#000000&#8243; locked=\u00bboff\u00bb global_colors_info=\u00bb{}\u00bb][et_pb_column type=\u00bb1_3&#8243; _builder_version=\u00bb4.16&#8243; background_enable_color=\u00bboff\u00bb custom_padding=\u00bb|||\u00bb border_width_all=\u00bb2px\u00bb border_color_all=\u00bb#471f00&#8243; box_shadow_style=\u00bbpreset2&#8243; box_shadow_color=\u00bb#471f00&#8243; global_colors_info=\u00bb{}\u00bb custom_padding__hover=\u00bb|||\u00bb][et_pb_image src=\u00bbhttps:\/\/casadabalconada.com\/wp-content\/uploads\/2020\/02\/Recepcion_Escaleras11_320x215.jpg\u00bb force_fullwidth=\u00bbon\u00bb align_tablet=\u00bbcenter\u00bb align_phone=\u00bb\u00bb align_last_edited=\u00bbon|desktop\u00bb _builder_version=\u00bb4.16&#8243; custom_margin_tablet=\u00bb||0px|\u00bb locked=\u00bboff\u00bb global_colors_info=\u00bb{}\u00bb][\/et_pb_image][et_pb_text _builder_version=\u00bb4.16&#8243; text_font=\u00bb||||||||\u00bb text_line_height=\u00bb2em\u00bb header_font=\u00bb||||||||\u00bb header_3_font=\u00bbRaleway|700|||||||\u00bb header_3_font_size=\u00bb20px\u00bb header_3_line_height=\u00bb1.2em\u00bb background_enable_color=\u00bboff\u00bb custom_margin=\u00bb|||4px|false|false\u00bb header_3_font_size_tablet=\u00bb35px\u00bb header_3_font_size_phone=\u00bb25px\u00bb header_3_font_size_last_edited=\u00bbon|phone\u00bb locked=\u00bboff\u00bb global_colors_info=\u00bb{}\u00bb]<\/p>\n<h3 style=\"text-align: center;\"><span style=\"color: #993300;\">Recepci\u00f3n<\/span><\/h3>\n<p style=\"text-align: center;\"><span style=\"color: #993300;\">La recepci\u00f3n cuenta tambi\u00e9n con una sala de estar, un patio interior, donde los hu\u00e9spedes disfrutan y se sienten como en casa.<strong>\u00a0<\/strong><\/span><\/p>\n<p style=\"text-align: center;\"><span style=\"color: #993300;\"><strong>Cristina<\/strong> la anfitriona esta a su disposici\u00f3n!<\/span><\/p>\n<p style=\"text-align: center;\"><strong style=\"font-size: 14px; color: #993300;\">Horario Recepci\u00f3n 11:00 a 19:00<\/strong><\/p>\n<p style=\"text-align: center;\"><em style=\"color: #0000ff; font-size: 14px;\"><strong><span style=\"color: #800000;\">Tel\u00e9fono:<\/span> +34 625892742<\/strong><\/em><span style=\"color: #0000ff; font-size: 14px;\">\u00a0<\/span><\/p>\n<p>[\/et_pb_text][\/et_pb_column][et_pb_column type=\u00bb1_3&#8243; _builder_version=\u00bb4.16&#8243; custom_padding=\u00bb|||\u00bb border_width_all=\u00bb2px\u00bb border_color_all=\u00bb#7a5c52&#8243; box_shadow_style=\u00bbpreset2&#8243; box_shadow_color=\u00bb#7a5252&#8243; global_colors_info=\u00bb{}\u00bb custom_padding__hover=\u00bb|||\u00bb][et_pb_image src=\u00bbhttps:\/\/casadabalconada.com\/wp-content\/uploads\/2020\/02\/Habitacion102a_320_215.jpg\u00bb force_fullwidth=\u00bbon\u00bb align_tablet=\u00bbcenter\u00bb align_phone=\u00bb\u00bb align_last_edited=\u00bbon|desktop\u00bb _builder_version=\u00bb4.16&#8243; custom_margin_tablet=\u00bb||0px|\u00bb locked=\u00bboff\u00bb global_colors_info=\u00bb{}\u00bb][\/et_pb_image][et_pb_text _builder_version=\u00bb4.16&#8243; text_font=\u00bb||||||||\u00bb text_line_height=\u00bb2em\u00bb header_font=\u00bb||||||||\u00bb header_3_font=\u00bbRaleway|700|||||||\u00bb header_3_font_size=\u00bb20px\u00bb header_3_line_height=\u00bb1.2em\u00bb custom_margin=\u00bb|||4px|false|false\u00bb header_3_font_size_tablet=\u00bb35px\u00bb header_3_font_size_phone=\u00bb25px\u00bb header_3_font_size_last_edited=\u00bbon|phone\u00bb locked=\u00bboff\u00bb global_colors_info=\u00bb{}\u00bb]<\/p>\n<h3 style=\"text-align: center;\"><span style=\"color: #7a5252;\">Habitaci\u00f3n Doble Con Balc\u00f3n<\/span><\/h3>\n<p><span style=\"color: #7a5252;\"><\/span><\/p>\n<p><span style=\"color: #7a5252;\"><\/span><\/p>\n<p style=\"text-align: center;\"><span style=\"color: #7a5252;\">Las habitaciones dobles con balc\u00f3n, disponen de cama de matrimonio, ba\u00f1o y ducha privada, aire acondicionado y calefacci\u00f3n, televisor Smart TV 32&#8243;, secador de pelo y WIFI.<\/span><\/p>\n<p style=\"text-align: center;\"><span style=\"color: #7a5252;\"><\/span><\/p>\n<p style=\"text-align: center;\"><span style=\"color: #7a5252;\"><span style=\"font-size: 14px;\"><\/span><\/span><\/p>\n<p><span style=\"font-size: 14px;\"><\/span><\/p>\n<p><span style=\"font-size: 14px;\"><\/span><\/p>\n<p><span style=\"font-size: 14px;\"><\/span><\/p>\n<p>[\/et_pb_text][\/et_pb_column][et_pb_column type=\u00bb1_3&#8243; _builder_version=\u00bb4.16&#8243; custom_padding=\u00bb|||\u00bb border_width_all=\u00bb2px\u00bb border_color_all=\u00bb#1fd7e0&#8243; box_shadow_style=\u00bbpreset3&#8243; box_shadow_color=\u00bb#1fd7e0&#8243; global_colors_info=\u00bb{}\u00bb custom_padding__hover=\u00bb|||\u00bb][et_pb_image src=\u00bbhttps:\/\/casadabalconada.com\/wp-content\/uploads\/2020\/02\/Habitacion101b_320x215.jpg\u00bb force_fullwidth=\u00bbon\u00bb align_tablet=\u00bbcenter\u00bb align_phone=\u00bb\u00bb align_last_edited=\u00bbon|desktop\u00bb _builder_version=\u00bb4.16&#8243; custom_margin_tablet=\u00bb||0px|\u00bb locked=\u00bboff\u00bb global_colors_info=\u00bb{}\u00bb][\/et_pb_image][et_pb_text _builder_version=\u00bb4.16&#8243; text_font=\u00bb||||||||\u00bb text_line_height=\u00bb2em\u00bb header_font=\u00bb||||||||\u00bb header_3_font=\u00bbRaleway|700|||||||\u00bb header_3_text_align=\u00bbcenter\u00bb header_3_font_size=\u00bb20px\u00bb header_3_line_height=\u00bb1.2em\u00bb custom_margin=\u00bb|||4px|false|false\u00bb header_3_font_size_tablet=\u00bb35px\u00bb header_3_font_size_phone=\u00bb25px\u00bb header_3_font_size_last_edited=\u00bbon|phone\u00bb locked=\u00bboff\u00bb global_colors_info=\u00bb{}\u00bb]<\/p>\n<h4 style=\"text-align: center;\"><span style=\"color: #33cccc;\"><strong><span color=\"#000000\">Habitaci\u00f3n<\/span>\u00a0Doble\u00a0<span color=\"#000000\">Est\u00e1ndar<\/span><\/strong><\/span><\/h4>\n<p><span style=\"color: #33cccc;\"><strong><span color=\"#000000\"><\/span><\/strong><\/span><\/p>\n<p><span style=\"color: #33cccc;\"><strong><span color=\"#000000\"><\/span><\/strong><\/span><\/p>\n<p><span style=\"color: #33cccc;\">Las habitaciones dobles con balc\u00f3n, disponen de dos camas individuales, ba\u00f1o y ducha privada, aire acondicionado y calefacci\u00f3n, televisor Smart TV 32&#8243;, secador de pelo y WIFI.<span style=\"font-size: 14px;\">\u00a0<\/span><\/span><\/p>\n<p><span style=\"font-size: 14px;\"><\/span><\/p>\n<p><span style=\"font-size: 14px;\"><\/span><\/p>\n<p><span style=\"font-size: 14px;\"><\/span><\/p>\n<p><span style=\"font-size: 14px;\"><\/span><\/p>\n<p><span style=\"font-size: 14px;\"><\/span><\/p>\n<p><span style=\"font-size: 14px;\"><\/span><\/p>\n<p>[\/et_pb_text][\/et_pb_column][\/et_pb_row][\/et_pb_section][et_pb_section fb_built=\u00bb1&#8243; fullwidth=\u00bbon\u00bb _builder_version=\u00bb4.16&#8243; custom_padding=\u00bb101px|||||\u00bb global_colors_info=\u00bb{}\u00bb][et_pb_fullwidth_image src=\u00bbhttps:\/\/casadabalconada.com\/wp-content\/uploads\/2020\/02\/Recepcion_Escaleras_1920x895.jpg\u00bb _builder_version=\u00bb4.16&#8243; custom_margin=\u00bb-188px|||||\u00bb border_color_all=\u00bb#ffffff\u00bb border_width_top=\u00bb15px\u00bb global_colors_info=\u00bb{}\u00bb][\/et_pb_fullwidth_image][\/et_pb_section][et_pb_section fb_built=\u00bb1&#8243; admin_label=\u00bbMenu\u00bb module_id=\u00bbservicios\u00bb _builder_version=\u00bb4.16&#8243; global_colors_info=\u00bb{}\u00bb][et_pb_row _builder_version=\u00bb4.16&#8243; locked=\u00bboff\u00bb global_colors_info=\u00bb{}\u00bb][et_pb_column type=\u00bb4_4&#8243; _builder_version=\u00bb4.16&#8243; custom_padding=\u00bb|||\u00bb global_colors_info=\u00bb{}\u00bb custom_padding__hover=\u00bb|||\u00bb][et_pb_text _builder_version=\u00bb4.16&#8243; text_font=\u00bb||||||||\u00bb text_font_size=\u00bb16px\u00bb text_line_height=\u00bb2em\u00bb header_font=\u00bb||||||||\u00bb header_2_font=\u00bbRaleway|700|||||||\u00bb header_2_font_size=\u00bb50px\u00bb header_2_line_height=\u00bb1.2em\u00bb header_6_font=\u00bbRaleway|700||on|||||\u00bb header_6_font_size=\u00bb16px\u00bb header_6_letter_spacing=\u00bb5px\u00bb header_6_line_height=\u00bb1.8em\u00bb max_width=\u00bb512px\u00bb max_width_last_edited=\u00bboff|desktop\u00bb header_2_font_size_tablet=\u00bb35px\u00bb header_2_font_size_phone=\u00bb25px\u00bb header_2_font_size_last_edited=\u00bbon|phone\u00bb global_colors_info=\u00bb{}\u00bb]<\/p>\n<h6>Nuestros\u00a0<\/h6>\n<h2>Servicios &amp; Comodidades<\/h2>\n<p>[\/et_pb_text][\/et_pb_column][\/et_pb_row][et_pb_row column_structure=\u00bb1_3,1_3,1_3&#8243; _builder_version=\u00bb4.16&#8243; global_colors_info=\u00bb{}\u00bb][et_pb_column type=\u00bb1_3&#8243; _builder_version=\u00bb4.16&#8243; custom_padding=\u00bb|||\u00bb global_colors_info=\u00bb{}\u00bb custom_padding__hover=\u00bb|||\u00bb][et_pb_blurb title=\u00bbWiFi Gratis\u00bb use_icon=\u00bbon\u00bb font_icon=\u00bb&#x4e;||divi||400&#8243; icon_color=\u00bb#0c71c3&#8243; icon_placement=\u00bbleft\u00bb image_icon_width=\u00bb23px\u00bb _builder_version=\u00bb4.16&#8243; header_level=\u00bbh5&#8243; header_font=\u00bbRaleway|700|||||||\u00bb header_font_size=\u00bb20px\u00bb header_line_height=\u00bb1.2em\u00bb body_font=\u00bb||||||||\u00bb body_line_height=\u00bb2em\u00bb icon_font_size=\u00bb23px\u00bb global_colors_info=\u00bb{}\u00bb][\/et_pb_blurb][\/et_pb_column][et_pb_column type=\u00bb1_3&#8243; _builder_version=\u00bb4.16&#8243; custom_padding=\u00bb|||\u00bb global_colors_info=\u00bb{}\u00bb custom_padding__hover=\u00bb|||\u00bb][et_pb_blurb title=\u00bbExcelente Servicio\u00bb use_icon=\u00bbon\u00bb font_icon=\u00bb&#x4e;||divi||400&#8243; icon_color=\u00bb#0c71c3&#8243; icon_placement=\u00bbleft\u00bb image_icon_width=\u00bb23px\u00bb _builder_version=\u00bb4.16&#8243; header_level=\u00bbh5&#8243; header_font=\u00bbRaleway|700|||||||\u00bb header_font_size=\u00bb20px\u00bb header_line_height=\u00bb1.2em\u00bb body_font=\u00bb||||||||\u00bb body_line_height=\u00bb2em\u00bb icon_font_size=\u00bb23px\u00bb global_colors_info=\u00bb{}\u00bb][\/et_pb_blurb][\/et_pb_column][et_pb_column type=\u00bb1_3&#8243; _builder_version=\u00bb4.16&#8243; custom_padding=\u00bb|||\u00bb global_colors_info=\u00bb{}\u00bb custom_padding__hover=\u00bb|||\u00bb][et_pb_blurb title=\u00bbHabitaciones Climatizadas\u00bb use_icon=\u00bbon\u00bb font_icon=\u00bb&#x4e;||divi||400&#8243; icon_color=\u00bb#0c71c3&#8243; icon_placement=\u00bbleft\u00bb image_icon_width=\u00bb23px\u00bb _builder_version=\u00bb4.16&#8243; header_level=\u00bbh5&#8243; header_font=\u00bbRaleway|700|||||||\u00bb header_font_size=\u00bb20px\u00bb header_line_height=\u00bb1.2em\u00bb body_font=\u00bb||||||||\u00bb body_line_height=\u00bb2em\u00bb icon_font_size=\u00bb23px\u00bb locked=\u00bboff\u00bb global_colors_info=\u00bb{}\u00bb][\/et_pb_blurb][\/et_pb_column][\/et_pb_row][et_pb_row column_structure=\u00bb1_3,1_3,1_3&#8243; _builder_version=\u00bb4.16&#8243; global_colors_info=\u00bb{}\u00bb][et_pb_column type=\u00bb1_3&#8243; _builder_version=\u00bb4.16&#8243; custom_padding=\u00bb|||\u00bb global_colors_info=\u00bb{}\u00bb custom_padding__hover=\u00bb|||\u00bb][et_pb_blurb title=\u00bbUbicacion Privilegiada\u00bb use_icon=\u00bbon\u00bb font_icon=\u00bb&#x4e;||divi||400&#8243; icon_color=\u00bb#0c71c3&#8243; icon_placement=\u00bbleft\u00bb image_icon_width=\u00bb23px\u00bb _builder_version=\u00bb4.16&#8243; header_level=\u00bbh5&#8243; header_font=\u00bbRaleway|700|||||||\u00bb header_font_size=\u00bb20px\u00bb header_line_height=\u00bb1.2em\u00bb body_font=\u00bb||||||||\u00bb body_line_height=\u00bb2em\u00bb icon_font_size=\u00bb23px\u00bb global_colors_info=\u00bb{}\u00bb][\/et_pb_blurb][\/et_pb_column][et_pb_column type=\u00bb1_3&#8243; _builder_version=\u00bb4.16&#8243; custom_padding=\u00bb|||\u00bb global_colors_info=\u00bb{}\u00bb custom_padding__hover=\u00bb|||\u00bb][et_pb_blurb title=\u00bbServicio de TAXI, y traslados (Servicio de Pago)  \u00bb use_icon=\u00bbon\u00bb font_icon=\u00bb&#x4e;||divi||400&#8243; icon_color=\u00bb#0c71c3&#8243; icon_placement=\u00bbleft\u00bb image_icon_width=\u00bb23px\u00bb _builder_version=\u00bb4.16&#8243; header_level=\u00bbh5&#8243; header_font=\u00bbRaleway|700|||||||\u00bb header_font_size=\u00bb20px\u00bb header_line_height=\u00bb1.2em\u00bb body_font=\u00bb||||||||\u00bb body_line_height=\u00bb2em\u00bb icon_font_size=\u00bb23px\u00bb global_colors_info=\u00bb{}\u00bb][\/et_pb_blurb][\/et_pb_column][et_pb_column type=\u00bb1_3&#8243; _builder_version=\u00bb4.16&#8243; custom_padding=\u00bb|||\u00bb border_width_all=\u00bb2px\u00bb box_shadow_style=\u00bbpreset4&#8243; box_shadow_color=\u00bb#8f8f8f\u00bb global_colors_info=\u00bb{}\u00bb custom_padding__hover=\u00bb|||\u00bb][et_pb_blurb title=\u00bbNO hay Ascensor\u00bb use_icon=\u00bbon\u00bb font_icon=\u00bb&#x4e;||divi||400&#8243; icon_color=\u00bb#0c71c3&#8243; icon_placement=\u00bbleft\u00bb image_icon_width=\u00bb23px\u00bb _builder_version=\u00bb4.16&#8243; header_level=\u00bbh5&#8243; header_font=\u00bbRaleway|700|||||||\u00bb header_text_color=\u00bb#e02b20&#8243; header_font_size=\u00bb20px\u00bb header_line_height=\u00bb1.2em\u00bb body_font=\u00bb||||||||\u00bb body_line_height=\u00bb2em\u00bb icon_font_size=\u00bb23px\u00bb global_colors_info=\u00bb{}\u00bb][\/et_pb_blurb][\/et_pb_column][\/et_pb_row][et_pb_row column_structure=\u00bb1_3,1_3,1_3&#8243; _builder_version=\u00bb4.16&#8243; global_colors_info=\u00bb{}\u00bb][et_pb_column type=\u00bb1_3&#8243; _builder_version=\u00bb4.16&#8243; custom_padding=\u00bb|||\u00bb global_colors_info=\u00bb{}\u00bb custom_padding__hover=\u00bb|||\u00bb][et_pb_blurb title=\u00bbA solo 50 metros de la Catedral\u00bb use_icon=\u00bbon\u00bb font_icon=\u00bb&#x4e;||divi||400&#8243; icon_color=\u00bb#0c71c3&#8243; icon_placement=\u00bbleft\u00bb image_icon_width=\u00bb23px\u00bb _builder_version=\u00bb4.16&#8243; header_level=\u00bbh5&#8243; header_font=\u00bbRaleway|700|||||||\u00bb header_font_size=\u00bb20px\u00bb header_line_height=\u00bb1.4em\u00bb body_font=\u00bb||||||||\u00bb body_line_height=\u00bb2em\u00bb icon_font_size=\u00bb23px\u00bb global_colors_info=\u00bb{}\u00bb][\/et_pb_blurb][\/et_pb_column][et_pb_column type=\u00bb1_3&#8243; _builder_version=\u00bb4.16&#8243; custom_padding=\u00bb|||\u00bb global_colors_info=\u00bb{}\u00bb custom_padding__hover=\u00bb|||\u00bb][et_pb_blurb title=\u00bbValoraciones Positivas de los Clientes\u00bb use_icon=\u00bbon\u00bb font_icon=\u00bb&#x4e;||divi||400&#8243; icon_color=\u00bb#0c71c3&#8243; icon_placement=\u00bbleft\u00bb image_icon_width=\u00bb23px\u00bb _builder_version=\u00bb4.16&#8243; header_level=\u00bbh5&#8243; header_font=\u00bbRaleway|700|||||||\u00bb header_font_size=\u00bb20px\u00bb header_line_height=\u00bb1.2em\u00bb body_font=\u00bb||||||||\u00bb body_line_height=\u00bb2em\u00bb icon_font_size=\u00bb23px\u00bb global_colors_info=\u00bb{}\u00bb][\/et_pb_blurb][\/et_pb_column][et_pb_column type=\u00bb1_3&#8243; _builder_version=\u00bb4.16&#8243; custom_padding=\u00bb|||\u00bb global_colors_info=\u00bb{}\u00bb custom_padding__hover=\u00bb|||\u00bb][et_pb_blurb title=\u00bbNO se Admiten Mascotas\u00bb use_icon=\u00bbon\u00bb font_icon=\u00bb&#x4e;||divi||400&#8243; icon_color=\u00bb#0c71c3&#8243; icon_placement=\u00bbleft\u00bb image_icon_width=\u00bb23px\u00bb _builder_version=\u00bb4.16&#8243; header_level=\u00bbh5&#8243; header_font=\u00bbRaleway|700|||||||\u00bb header_font_size=\u00bb20px\u00bb header_line_height=\u00bb1.2em\u00bb body_font=\u00bb||||||||\u00bb body_line_height=\u00bb2em\u00bb icon_font_size=\u00bb23px\u00bb locked=\u00bboff\u00bb global_colors_info=\u00bb{}\u00bb][\/et_pb_blurb][\/et_pb_column][\/et_pb_row][et_pb_row column_structure=\u00bb1_2,1_2&#8243; _builder_version=\u00bb4.16&#8243; global_colors_info=\u00bb{}\u00bb][et_pb_column type=\u00bb1_2&#8243; _builder_version=\u00bb4.16&#8243; custom_padding=\u00bb|||\u00bb global_colors_info=\u00bb{}\u00bb custom_padding__hover=\u00bb|||\u00bb][et_pb_toggle title=\u00bbCondiciones de la Cancelaci\u00f3n\u00bb closed_toggle_background_color=\u00bb#f5f5f5&#8243; icon_color=\u00bb#b2b9c4&#8243; open_icon_color=\u00bb#b2b9c4&#8243; _builder_version=\u00bb4.16&#8243; title_text_color=\u00bb#000000&#8243; title_font=\u00bbRaleway|700|||||||\u00bb title_line_height=\u00bb1.4em\u00bb body_font=\u00bb||||||||\u00bb body_line_height=\u00bb2em\u00bb background_enable_color=\u00bboff\u00bb animation_style=\u00bbzoom\u00bb border_width_all=\u00bb2px\u00bb border_color_all=\u00bb#000000&#8243; box_shadow_style=\u00bbpreset4&#8243; box_shadow_color=\u00bb#8f8f8f\u00bb global_colors_info=\u00bb{}\u00bb]<\/p>\n<ul class=\"thim-list\">\n<li><strong>Podr\u00e1s cancelar la reserva de forma gratuita hasta 1 d\u00eda antes de la fecha de llegada. Pagar\u00e1s el precio total de la reserva si cancelas durante el d\u00eda antes de la fecha de llegada. SOLO PARA RESERVAS REALIZADAS DESDE NUESTRA P\u00c1GINA WEB.<\/strong><strong><\/strong><strong><\/strong><strong><\/strong><strong><\/strong><\/li>\n<li><strong>NO REEMBOLSABLE\u00a0 \u00a0 \u00a0 \u00a0 \u00a0 \u00a0 \u00a0 \u00a0 \u00a0 \u00a0 <\/strong><\/li>\n<li><strong>El cliente tendr\u00e1 que pagar el precio total de la reserva si cancela en cualquier momento. Si el cliente no se presenta, tendr\u00e1 que pagar el precio total de la reserva.<\/strong><strong><\/strong><\/li>\n<\/ul>\n<p>&nbsp;<\/p>\n<p>[\/et_pb_toggle][\/et_pb_column][et_pb_column type=\u00bb1_2&#8243; _builder_version=\u00bb4.16&#8243; custom_padding=\u00bb|||\u00bb global_colors_info=\u00bb{}\u00bb custom_padding__hover=\u00bb|||\u00bb][et_pb_toggle title=\u00bbForma de Pago\u00bb closed_toggle_background_color=\u00bb#f5f5f5&#8243; icon_color=\u00bb#b2b9c4&#8243; open_icon_color=\u00bb#b2b9c4&#8243; _builder_version=\u00bb4.16&#8243; title_text_color=\u00bb#000000&#8243; title_font=\u00bbRaleway|700|||||||\u00bb title_line_height=\u00bb1.4em\u00bb body_font=\u00bb||||||||\u00bb body_line_height=\u00bb2em\u00bb animation_style=\u00bbzoom\u00bb border_width_all=\u00bb2px\u00bb border_color_all=\u00bb#000000&#8243; box_shadow_style=\u00bbpreset4&#8243; box_shadow_color=\u00bb#8f8f8f\u00bb locked=\u00bboff\u00bb global_colors_info=\u00bb{}\u00bb]<\/p>\n<p><strong>Usted paga al momento de llegar al hotel.\u00a0No te preocupes!, solo necesitamos tu tarjeta para garantizar la reserva.<\/strong><\/p>\n<p>[\/et_pb_toggle][\/et_pb_column][\/et_pb_row][\/et_pb_section][et_pb_section fb_built=\u00bb1&#8243; admin_label=\u00bbBlog\u00bb _builder_version=\u00bb4.16&#8243; use_background_color_gradient=\u00bbon\u00bb background_color_gradient_direction=\u00bb150deg\u00bb background_color_gradient_stops=\u00bb#2f3a44 25%|rgba(47,58,68,0.68) 100%\u00bb background_color_gradient_overlays_image=\u00bbon\u00bb background_color_gradient_start=\u00bb#2f3a44&#8243; background_color_gradient_start_position=\u00bb25%\u00bb background_color_gradient_end=\u00bbrgba(47,58,68,0.68)\u00bb background_image=\u00bbhttps:\/\/casadabalconada.com\/wp-content\/uploads\/2020\/02\/bed-and-breakfast-16.jpg\u00bb hover_enabled=\u00bb0&#8243; global_colors_info=\u00bb{}\u00bb sticky_enabled=\u00bb0&#8243;][et_pb_row _builder_version=\u00bb4.16&#8243; locked=\u00bboff\u00bb global_colors_info=\u00bb{}\u00bb][et_pb_column type=\u00bb4_4&#8243; _builder_version=\u00bb4.16&#8243; custom_padding=\u00bb|||\u00bb global_colors_info=\u00bb{}\u00bb custom_padding__hover=\u00bb|||\u00bb][et_pb_text _builder_version=\u00bb4.16&#8243; text_font=\u00bb||||||||\u00bb text_font_size=\u00bb16px\u00bb text_line_height=\u00bb2em\u00bb ul_font=\u00bb||||||||\u00bb ol_font=\u00bb||||||||\u00bb header_font=\u00bb||||||||\u00bb header_2_font=\u00bbRaleway|700|||||||\u00bb header_2_font_size=\u00bb50px\u00bb header_2_line_height=\u00bb1.2em\u00bb header_3_font=\u00bb||||||||\u00bb header_4_font=\u00bb||||||||\u00bb header_5_font=\u00bb||||||||\u00bb header_6_font=\u00bbRaleway|700||on|||||\u00bb header_6_font_size=\u00bb16px\u00bb header_6_letter_spacing=\u00bb5px\u00bb header_6_line_height=\u00bb1.8em\u00bb background_layout=\u00bbdark\u00bb max_width=\u00bb800px\u00bb header_2_font_size_tablet=\u00bb35px\u00bb header_2_font_size_phone=\u00bb25px\u00bb header_2_font_size_last_edited=\u00bbon|phone\u00bb global_colors_info=\u00bb{}\u00bb]<\/p>\n<h6>Rese\u00f1as DE<\/h6>\n<h2>NUESTROS HU\u00c9SPEDES<\/h2>\n<p>[\/et_pb_text][et_pb_button button_url=\u00bbhttps:\/\/g.page\/r\/CZpV5-rsdGhUEAg\/review\u00bb button_text=\u00bbDEJA TU RESE\u00d1A\u00bb button_alignment=\u00bbcenter\u00bb _builder_version=\u00bb4.16&#8243; custom_button=\u00bbon\u00bb button_text_size=\u00bb25px\u00bb button_text_color=\u00bb#1fe0ba\u00bb button_bg_color=\u00bb#474747&#8243; button_border_width=\u00bb4px\u00bb button_font=\u00bb|700|||||||\u00bb button_icon=\u00bb&#xe00a;||divi||400&#8243; box_shadow_style=\u00bbpreset4&#8243; global_colors_info=\u00bb{}\u00bb][\/et_pb_button][\/et_pb_column][\/et_pb_row][et_pb_row column_structure=\u00bb1_2,1_2&#8243; _builder_version=\u00bb4.16&#8243; global_colors_info=\u00bb{}\u00bb][et_pb_column type=\u00bb1_2&#8243; _builder_version=\u00bb4.16&#8243; custom_padding=\u00bb|||\u00bb border_color_all=\u00bb#0c71c3&#8243; global_colors_info=\u00bb{}\u00bb custom_padding__hover=\u00bb|||\u00bb][et_pb_testimonial author=\u00bbFERNANDO MOR\u00c1N\u00bb portrait_url=\u00bbhttps:\/\/casadabalconada.com\/wp-content\/uploads\/2021\/07\/unnamed.jpg\u00bb quote_icon=\u00bboff\u00bb portrait_width=\u00bb60px\u00bb portrait_height=\u00bb60px\u00bb _builder_version=\u00bb4.16&#8243; body_font=\u00bb||on||||||\u00bb body_letter_spacing=\u00bb0.5px\u00bb body_line_height=\u00bb1.8em\u00bb use_background_color=\u00bboff\u00bb background_layout=\u00bbdark\u00bb max_width=\u00bb600px\u00bb module_alignment=\u00bbcenter\u00bb custom_margin=\u00bb|||\u00bb custom_margin_tablet=\u00bb|40px||40px||true\u00bb custom_margin_last_edited=\u00bboff|desktop\u00bb animation_style=\u00bbzoom\u00bb border_width_all=\u00bb1px\u00bb border_color_all=\u00bb#0c71c3&#8243; locked=\u00bboff\u00bb global_colors_info=\u00bb{}\u00bb]<\/p>\n<div class=\"_14mIrg8a\"><a href=\"https:\/\/www.tripadvisor.es\/ShowUserReviews-g187508-d14675311-r788234530-Casa_da_Balconada-Santiago_de_Compostela_Province_of_A_Coruna_Galicia.html\" target=\"_blank\" rel=\"noopener\">Lo mejor de Santiago: \u201cLa Catedral\u201d y \u201cCasa da Balconada\u201d<\/a><\/div>\n<div class=\"_2f_ruteS _1bona3Pu\">\n<div class=\"cPQsENeY\" style=\"max-height: none; line-break: normal; cursor: auto;\">\n<div class=\"_21kEp2ZE\">He tenido la fortuna de viajar bastante, y conocer paises, lugares y hospedajes, y entre estos \u00faltimos, destaco esta \u201cCasa da Balconada\u201d, en la que siempre me he sentido como en la m\u00eda. La ubicaci\u00f3n es inmejorable para quien visita Compostela: en pleno centro hist\u00f3rico y a cinco minutos caminando hasta la Plaza del Obradoiro y la fachada principal de la Catedral. Las instalaciones perfectas, muy confortable y en donde el buen gusto est\u00e1 presente. No es una habitaci\u00f3n de grandes dimensiones, pero en donde nada falta, gracias a un inteligente aprovechamiento del espacio, y a un claro inter\u00e9s por procurar a los hu\u00e9spedes el mejor de los servicios. Menci\u00f3n aparte merece la atenci\u00f3n, que es excepcional. Desde el primer contacto, Cristina, convierte la recepci\u00f3n en un momento de absoluta confianza y familiaridad que se agradece much\u00edsimo cuando se llega al destino. Su total preocupaci\u00f3n es que sus hu\u00e9spedes se encuentren bien y no regatea esfuerzos para lograrlo, estando siempre en disposici\u00f3n para proporcionarles cuanto para ello sea preciso. Si Compostela es sin duda merecedora de una visita, alojarse en \u201cA Casa da Balconada\u201d, har\u00e1 mucho m\u00e1s grata la experiencia.<\/div>\n<\/div>\n<\/div>\n<div class=\"c-review__row lalala\"><\/div>\n<p>\u2b50\u2b50\u2b50\u2b50\u2b50<\/p>\n<p>[\/et_pb_testimonial][\/et_pb_column][et_pb_column type=\u00bb1_2&#8243; _builder_version=\u00bb4.16&#8243; custom_padding=\u00bb|||\u00bb border_color_all=\u00bb#0c71c3&#8243; global_colors_info=\u00bb{}\u00bb custom_padding__hover=\u00bb|||\u00bb][et_pb_testimonial author=\u00bb ANAINARO \u00bb portrait_url=\u00bbhttps:\/\/casadabalconada.com\/wp-content\/uploads\/2020\/02\/portrait-square-09.jpg\u00bb quote_icon=\u00bboff\u00bb portrait_width=\u00bb60px\u00bb portrait_height=\u00bb60px\u00bb _builder_version=\u00bb4.16&#8243; body_font=\u00bb||on||||||\u00bb body_letter_spacing=\u00bb0.5px\u00bb body_line_height=\u00bb1.8em\u00bb use_background_color=\u00bboff\u00bb background_layout=\u00bbdark\u00bb max_width=\u00bb600px\u00bb module_alignment=\u00bbcenter\u00bb custom_margin=\u00bb|||\u00bb custom_margin_tablet=\u00bb|40px||40px||true\u00bb custom_margin_last_edited=\u00bboff|desktop\u00bb animation_style=\u00bbzoom\u00bb border_width_all=\u00bb1px\u00bb border_color_all=\u00bb#0c71c3&#8243; locked=\u00bboff\u00bb global_colors_info=\u00bb{}\u00bb]<\/p>\n<div class=\"c-review__row\">\n<ul>\n<li><span aria-hidden=\"true\"><\/span><span class=\"c-review__body\" lang=\"es\">Las camas son muy c\u00f3modas y aunque las habitaciones son peque\u00f1as, la decoraci\u00f3n y el confort est\u00e1n miradas hasta el \u00faltimo detalle. <\/span><span class=\"c-review__body\" lang=\"es\">El personal muy muy amable. La ubicaci\u00f3n espectacular. Lo recomiendo al 100%.\u00a0<\/span><\/li>\n<li class=\"c-review__inner c-review__inner--ltr\"><span class=\"c-review__body\" lang=\"es\">Nada. Todo estaba genial ^^. Espero que les vaya muy bien. Ha sido todo un placer. <\/span><\/li>\n<\/ul>\n<p>\u2b50\u2b50\u2b50\u2b50\u2b50\n<\/p><\/div>\n<p>[\/et_pb_testimonial][et_pb_testimonial author=\u00bbLOLA\u00bb portrait_url=\u00bbhttps:\/\/casadabalconada.com\/wp-content\/uploads\/2020\/02\/P-05.jpg\u00bb quote_icon=\u00bboff\u00bb portrait_width=\u00bb60px\u00bb portrait_height=\u00bb60px\u00bb _builder_version=\u00bb4.16&#8243; body_font=\u00bb||on||||||\u00bb body_letter_spacing=\u00bb0.5px\u00bb body_line_height=\u00bb1.8em\u00bb use_background_color=\u00bboff\u00bb background_layout=\u00bbdark\u00bb max_width=\u00bb600px\u00bb module_alignment=\u00bbcenter\u00bb custom_margin=\u00bb|||\u00bb custom_margin_tablet=\u00bb|40px||40px||true\u00bb custom_margin_last_edited=\u00bboff|desktop\u00bb animation_style=\u00bbzoom\u00bb border_width_all=\u00bb1px\u00bb border_color_all=\u00bb#0c71c3&#8243; locked=\u00bboff\u00bb global_colors_info=\u00bb{}\u00bb]<\/p>\n<ul>\n<li><span class=\"c-review__body\">\u201cLa ubicaci\u00f3n es inmejorable, la habitaci\u00f3n muy limpia con una decoraci\u00f3n muy cuidada, pero lo mejor es Cristina la due\u00f1a es super amable, atenta y te hace sentir como en tu propia casa. Lo recomiendo 100%\u201d\u00a0<\/span><\/li>\n<\/ul>\n<p>\u2b50\u2b50\u2b50\u2b50\u2b50[\/et_pb_testimonial][et_pb_testimonial author=\u00bbMARIO\u00bb portrait_url=\u00bbhttps:\/\/casadabalconada.com\/wp-content\/uploads\/2020\/02\/P-08.jpg\u00bb quote_icon=\u00bboff\u00bb portrait_width=\u00bb60px\u00bb portrait_height=\u00bb60px\u00bb _builder_version=\u00bb4.16&#8243; body_font=\u00bb||on||||||\u00bb body_letter_spacing=\u00bb0.5px\u00bb body_line_height=\u00bb1.8em\u00bb use_background_color=\u00bboff\u00bb background_layout=\u00bbdark\u00bb max_width=\u00bb600px\u00bb module_alignment=\u00bbcenter\u00bb custom_margin=\u00bb|||\u00bb custom_margin_tablet=\u00bb|40px||40px||true\u00bb custom_margin_last_edited=\u00bboff|desktop\u00bb animation_style=\u00bbzoom\u00bb border_width_all=\u00bb1px\u00bb border_color_all=\u00bb#0c71c3&#8243; locked=\u00bboff\u00bb global_colors_info=\u00bb{}\u00bb]<\/p>\n<ul>\n<li><span class=\"c-review__body\">\u201cLa ubicaci\u00f3n, lo coqueto del sitio, la limpieza y el orden&#8230; pero, por encima de todo, la amabilidad del personal. No suelo personalizar, ni me gusta hacer este tipo de comentarios, pero no puedo dejar de dar constancia de la simpat\u00eda y amabilidad de la persona que estaba en recepci\u00f3n: Cristina. Se prest\u00f3 en todo momento a ayudar, a indicar y aconsejar, fue resolutiva y sobre todo, simp\u00e1tica \u201d<\/span><\/li>\n<\/ul>\n<p>\u2b50\u2b50\u2b50\u2b50\u2b50[\/et_pb_testimonial][\/et_pb_column][\/et_pb_row][\/et_pb_section][et_pb_section fb_built=\u00bb1&#8243; admin_label=\u00bbReservations\u00bb _builder_version=\u00bb4.16&#8243; use_background_color_gradient=\u00bbon\u00bb background_color_gradient_direction=\u00bb150deg\u00bb background_color_gradient_stops=\u00bb#2f3a44 25%|rgba(38,46,53,0) 100%\u00bb background_color_gradient_overlays_image=\u00bbon\u00bb background_color_gradient_start=\u00bb#2f3a44&#8243; background_color_gradient_start_position=\u00bb25%\u00bb background_color_gradient_end=\u00bbrgba(38,46,53,0)\u00bb background_image=\u00bbhttps:\/\/casadabalconada.com\/wp-content\/uploads\/2020\/02\/184982533.jpg\u00bb custom_padding=\u00bb140px|0px|300px|0px|false|false\u00bb global_colors_info=\u00bb{}\u00bb][et_pb_row column_structure=\u00bb1_2,1_2&#8243; use_custom_gutter=\u00bbon\u00bb make_equal=\u00bbon\u00bb _builder_version=\u00bb4.16&#8243; global_colors_info=\u00bb{}\u00bb][et_pb_column type=\u00bb1_2&#8243; _builder_version=\u00bb4.16&#8243; custom_padding=\u00bb|||\u00bb global_colors_info=\u00bb{}\u00bb custom_padding__hover=\u00bb|||\u00bb][et_pb_text _builder_version=\u00bb4.16&#8243; text_font=\u00bb||||||||\u00bb text_font_size=\u00bb16px\u00bb text_line_height=\u00bb2em\u00bb header_font=\u00bb||||||||\u00bb header_2_font=\u00bbRaleway|700|||||||\u00bb header_2_font_size=\u00bb50px\u00bb header_2_line_height=\u00bb1.2em\u00bb header_6_font=\u00bbRaleway|700||on|||||\u00bb header_6_font_size=\u00bb16px\u00bb header_6_letter_spacing=\u00bb5px\u00bb header_6_line_height=\u00bb1.8em\u00bb background_layout=\u00bbdark\u00bb max_width_tablet=\u00bb\u00bb max_width_phone=\u00bb\u00bb max_width_last_edited=\u00bbon|desktop\u00bb header_2_font_size_tablet=\u00bb35px\u00bb header_2_font_size_phone=\u00bb25px\u00bb header_2_font_size_last_edited=\u00bbon|phone\u00bb locked=\u00bboff\u00bb global_colors_info=\u00bb{}\u00bb]<\/p>\n<h6>Visita Santiago de Compostela<\/h6>\n<h2>CASA DA BALCONADA!<\/h2>\n<p>Una casa antigua, reci\u00e9n restaurada, peque\u00f1a, con mucho encanto! Una mezcla entre lo antiguo y lo moderno, <strong>VINTAGE<\/strong>!<\/p>\n<p><strong>Ubicaci\u00f3n perfecta!<\/strong><\/p>\n<p>[\/et_pb_text][\/et_pb_column][et_pb_column type=\u00bb1_2&#8243; _builder_version=\u00bb4.16&#8243; custom_padding=\u00bb|||\u00bb custom_padding_tablet=\u00bb0px||0px||true\u00bb global_colors_info=\u00bb{}\u00bb padding_tablet=\u00bb0px||0px||true\u00bb custom_padding__hover=\u00bb|||\u00bb][et_pb_button button_url=\u00bbhttps:\/\/casadabalconada.com\/index.php\/reservas\/\u00bb button_text=\u00bbBook a Room\u00bb button_alignment=\u00bbright\u00bb _builder_version=\u00bb4.16&#8243; custom_button=\u00bbon\u00bb button_text_size=\u00bb25px\u00bb button_text_color=\u00bb#ffffff\u00bb button_bg_color=\u00bb#0c71c3&#8243; button_border_width=\u00bb10px\u00bb button_border_color=\u00bbrgba(0,0,0,0)\u00bb button_border_radius=\u00bb35px\u00bb button_font=\u00bbMontserrat|700|||||||\u00bb animation_style=\u00bbzoom\u00bb button_border_radius_hover=\u00bb0px\u00bb locked=\u00bboff\u00bb global_colors_info=\u00bb{}\u00bb button_text_size__hover_enabled=\u00bboff\u00bb button_one_text_size__hover_enabled=\u00bboff\u00bb button_two_text_size__hover_enabled=\u00bboff\u00bb button_text_color__hover_enabled=\u00bboff\u00bb button_one_text_color__hover_enabled=\u00bboff\u00bb button_two_text_color__hover_enabled=\u00bboff\u00bb button_border_width__hover_enabled=\u00bboff\u00bb button_one_border_width__hover_enabled=\u00bboff\u00bb button_two_border_width__hover_enabled=\u00bboff\u00bb button_border_color__hover_enabled=\u00bboff\u00bb button_one_border_color__hover_enabled=\u00bboff\u00bb button_two_border_color__hover_enabled=\u00bboff\u00bb button_border_radius__hover_enabled=\u00bbon\u00bb button_border_radius__hover=\u00bb0px\u00bb button_one_border_radius__hover_enabled=\u00bboff\u00bb button_two_border_radius__hover_enabled=\u00bboff\u00bb button_letter_spacing__hover_enabled=\u00bboff\u00bb button_one_letter_spacing__hover_enabled=\u00bboff\u00bb button_two_letter_spacing__hover_enabled=\u00bboff\u00bb button_bg_color__hover_enabled=\u00bboff\u00bb button_one_bg_color__hover_enabled=\u00bboff\u00bb button_two_bg_color__hover_enabled=\u00bboff\u00bb][\/et_pb_button][\/et_pb_column][\/et_pb_row][\/et_pb_section][et_pb_section fb_built=\u00bb1&#8243; admin_label=\u00bbContact Info\u00bb module_id=\u00bbcontacto\u00bb _builder_version=\u00bb4.16&#8243; background_color=\u00bb#ffffff\u00bb max_width=\u00bb90%\u00bb max_width_tablet=\u00bb\u00bb max_width_phone=\u00bb100%\u00bb max_width_last_edited=\u00bbon|phone\u00bb custom_margin=\u00bb-160px|||\u00bb border_color_all=\u00bb#ffffff\u00bb border_width_left=\u00bb10vw\u00bb global_colors_info=\u00bb{}\u00bb][et_pb_row column_structure=\u00bb1_3,1_3,1_3&#8243; _builder_version=\u00bb4.16&#8243; custom_width_px=\u00bb800px\u00bb locked=\u00bboff\u00bb global_colors_info=\u00bb{}\u00bb][et_pb_column type=\u00bb1_3&#8243; _builder_version=\u00bb4.16&#8243; custom_padding=\u00bb|||\u00bb global_colors_info=\u00bb{}\u00bb custom_padding__hover=\u00bb|||\u00bb][et_pb_blurb title=\u00bb+34 625 892 742 \u00bb use_icon=\u00bbon\u00bb font_icon=\u00bb&#xe090;||divi||400&#8243; icon_color=\u00bb#0c71c3&#8243; icon_placement=\u00bbleft\u00bb image_icon_width=\u00bb24px\u00bb _builder_version=\u00bb4.16&#8243; header_level=\u00bbh5&#8243; header_font=\u00bbRaleway|700|||||||\u00bb header_line_height=\u00bb1.4em\u00bb background_color=\u00bb#ffffff\u00bb icon_font_size=\u00bb24px\u00bb global_colors_info=\u00bb{}\u00bb]<\/p>\n<p><span style=\"color: #000000;\"><strong>CRISTINA<\/strong><\/span><\/p>\n<p>[\/et_pb_blurb][\/et_pb_column][et_pb_column type=\u00bb1_3&#8243; _builder_version=\u00bb4.16&#8243; custom_padding=\u00bb|||\u00bb global_colors_info=\u00bb{}\u00bb custom_padding__hover=\u00bb|||\u00bb][et_pb_blurb title=\u00bbRua Xelmirez 9  Santiago de Compostela 15704&#8243; use_icon=\u00bbon\u00bb font_icon=\u00bb&#xe081;||divi||400&#8243; icon_color=\u00bb#0c71c3&#8243; icon_placement=\u00bbleft\u00bb image_icon_width=\u00bb24px\u00bb _builder_version=\u00bb4.16&#8243; header_level=\u00bbh5&#8243; header_font=\u00bbRaleway|700|||||||\u00bb header_line_height=\u00bb1.4em\u00bb icon_font_size=\u00bb24px\u00bb global_colors_info=\u00bb{}\u00bb][\/et_pb_blurb][\/et_pb_column][et_pb_column type=\u00bb1_3&#8243; _builder_version=\u00bb4.16&#8243; custom_padding=\u00bb|||\u00bb global_colors_info=\u00bb{}\u00bb custom_padding__hover=\u00bb|||\u00bb][et_pb_blurb title=\u00bbcasadabalconada@gmail.com\u00bb use_icon=\u00bbon\u00bb font_icon=\u00bb&#xe076;||divi||400&#8243; icon_color=\u00bb#0c71c3&#8243; icon_placement=\u00bbleft\u00bb image_icon_width=\u00bb24px\u00bb _builder_version=\u00bb4.16&#8243; header_level=\u00bbh5&#8243; header_font=\u00bbRaleway|700|||||||\u00bb header_line_height=\u00bb1.4em\u00bb icon_font_size=\u00bb24px\u00bb global_colors_info=\u00bb{}\u00bb][\/et_pb_blurb][\/et_pb_column][\/et_pb_row][et_pb_row _builder_version=\u00bb4.16&#8243; background_enable_color=\u00bboff\u00bb border_radii=\u00bbon|10px|10px|10px|10px\u00bb border_width_all=\u00bb1px\u00bb border_color_all=\u00bb#0c71c3&#8243; box_shadow_style=\u00bbpreset1&#8243; box_shadow_color=\u00bb#d6d6d6&#8243; custom_width_px=\u00bb800px\u00bb global_colors_info=\u00bb{}\u00bb][et_pb_column type=\u00bb4_4&#8243; _builder_version=\u00bb4.16&#8243; background_color=\u00bb#ffffff\u00bb custom_padding=\u00bb0px|15px||15px|false|false\u00bb global_colors_info=\u00bb{}\u00bb custom_padding__hover=\u00bb|||\u00bb][et_pb_contact_form captcha=\u00bboff\u00bb email=\u00bbcasadabalconada@gmail.com\u00bb success_message=\u00bbSu mensaje ha sido enviado correctamente!\u00bb module_id=\u00bbet_pb_contact_form_0&#8243; _builder_version=\u00bb4.16&#8243; _unique_id=\u00bb4b8436c5-56ae-4be8-9680-c4713e16ce69&#8243; form_field_background_color=\u00bb#f5f5f5&#8243; title_level=\u00bbh2&#8243; title_font=\u00bbRaleway|700|||||||\u00bb title_text_color=\u00bb#ffffff\u00bb title_font_size=\u00bb50px\u00bb title_line_height=\u00bb1.8em\u00bb captcha_text_color=\u00bb#000000&#8243; form_field_font=\u00bb||||||||\u00bb form_field_line_height=\u00bb2em\u00bb custom_button=\u00bbon\u00bb button_text_size=\u00bb16px\u00bb button_text_color=\u00bb#000000&#8243; button_bg_color=\u00bb#ffffff\u00bb button_border_color=\u00bb#0c71c3&#8243; button_border_radius=\u00bb15px\u00bb button_font=\u00bbRaleway|700|||||||\u00bb animation_style=\u00bbzoom\u00bb title_font_size_tablet=\u00bb35px\u00bb title_font_size_phone=\u00bb25px\u00bb title_font_size_last_edited=\u00bbon|desktop\u00bb form_background_color=\u00bb#f5f5f5&#8243; global_colors_info=\u00bb{}\u00bb][et_pb_contact_field field_id=\u00bbEscriba_su_Nombre\u00bb field_title=\u00bbEscriba su Nombre\u00bb _builder_version=\u00bb4.16&#8243; form_field_background_color=\u00bb#ffffff\u00bb form_field_text_color=\u00bb#000000&#8243; form_field_text_align=\u00bbleft\u00bb form_field_font_size=\u00bb16px\u00bb text_orientation=\u00bbleft\u00bb width=\u00bb30%\u00bb max_width=\u00bb100%\u00bb border_radii=\u00bbon|10px|10px|10px|10px\u00bb border_width_all=\u00bb1px\u00bb border_color_all=\u00bb#0c71c3&#8243; global_colors_info=\u00bb{}\u00bb button_text_size__hover_enabled=\u00bboff\u00bb button_one_text_size__hover_enabled=\u00bboff\u00bb button_two_text_size__hover_enabled=\u00bboff\u00bb button_text_color__hover_enabled=\u00bboff\u00bb button_one_text_color__hover_enabled=\u00bboff\u00bb button_two_text_color__hover_enabled=\u00bboff\u00bb button_border_width__hover_enabled=\u00bboff\u00bb button_one_border_width__hover_enabled=\u00bboff\u00bb button_two_border_width__hover_enabled=\u00bboff\u00bb button_border_color__hover_enabled=\u00bboff\u00bb button_one_border_color__hover_enabled=\u00bboff\u00bb button_two_border_color__hover_enabled=\u00bboff\u00bb button_border_radius__hover_enabled=\u00bboff\u00bb button_one_border_radius__hover_enabled=\u00bboff\u00bb button_two_border_radius__hover_enabled=\u00bboff\u00bb button_letter_spacing__hover_enabled=\u00bboff\u00bb button_one_letter_spacing__hover_enabled=\u00bboff\u00bb button_two_letter_spacing__hover_enabled=\u00bboff\u00bb button_bg_color__hover_enabled=\u00bboff\u00bb button_one_bg_color__hover_enabled=\u00bboff\u00bb button_two_bg_color__hover_enabled=\u00bboff\u00bb][\/et_pb_contact_field][et_pb_contact_field field_id=\u00bbCorreo_Electronico\u00bb field_title=\u00bbEscriba su Correo Electr\u00f3nico\u00bb _builder_version=\u00bb4.16&#8243; form_field_background_color=\u00bb#ffffff\u00bb form_field_text_color=\u00bb#000000&#8243; form_field_text_align=\u00bbleft\u00bb form_field_font_size=\u00bb16px\u00bb text_orientation=\u00bbleft\u00bb width=\u00bb30%\u00bb max_width=\u00bb100%\u00bb border_radii=\u00bbon|10px|10px|10px|10px\u00bb border_width_all=\u00bb1px\u00bb border_color_all=\u00bb#0c71c3&#8243; global_colors_info=\u00bb{}\u00bb button_text_size__hover_enabled=\u00bboff\u00bb button_one_text_size__hover_enabled=\u00bboff\u00bb button_two_text_size__hover_enabled=\u00bboff\u00bb button_text_color__hover_enabled=\u00bboff\u00bb button_one_text_color__hover_enabled=\u00bboff\u00bb button_two_text_color__hover_enabled=\u00bboff\u00bb button_border_width__hover_enabled=\u00bboff\u00bb button_one_border_width__hover_enabled=\u00bboff\u00bb button_two_border_width__hover_enabled=\u00bboff\u00bb button_border_color__hover_enabled=\u00bboff\u00bb button_one_border_color__hover_enabled=\u00bboff\u00bb button_two_border_color__hover_enabled=\u00bboff\u00bb button_border_radius__hover_enabled=\u00bboff\u00bb button_one_border_radius__hover_enabled=\u00bboff\u00bb button_two_border_radius__hover_enabled=\u00bboff\u00bb button_letter_spacing__hover_enabled=\u00bboff\u00bb button_one_letter_spacing__hover_enabled=\u00bboff\u00bb button_two_letter_spacing__hover_enabled=\u00bboff\u00bb button_bg_color__hover_enabled=\u00bboff\u00bb button_one_bg_color__hover_enabled=\u00bboff\u00bb button_two_bg_color__hover_enabled=\u00bboff\u00bb][\/et_pb_contact_field][et_pb_contact_field field_id=\u00bbEscriba_su_Telefono\u00bb field_title=\u00bbEscriba su N\u00famero de Tel\u00e9fono\u00bb _builder_version=\u00bb4.16&#8243; form_field_background_color=\u00bb#ffffff\u00bb form_field_text_color=\u00bb#000000&#8243; form_field_text_align=\u00bbleft\u00bb form_field_font_size=\u00bb16px\u00bb text_orientation=\u00bbleft\u00bb width=\u00bb30%\u00bb max_width=\u00bb100%\u00bb border_radii=\u00bbon|10px|10px|10px|10px\u00bb border_width_all=\u00bb1px\u00bb border_color_all=\u00bb#0c71c3&#8243; global_colors_info=\u00bb{}\u00bb button_text_size__hover_enabled=\u00bboff\u00bb button_one_text_size__hover_enabled=\u00bboff\u00bb button_two_text_size__hover_enabled=\u00bboff\u00bb button_text_color__hover_enabled=\u00bboff\u00bb button_one_text_color__hover_enabled=\u00bboff\u00bb button_two_text_color__hover_enabled=\u00bboff\u00bb button_border_width__hover_enabled=\u00bboff\u00bb button_one_border_width__hover_enabled=\u00bboff\u00bb button_two_border_width__hover_enabled=\u00bboff\u00bb button_border_color__hover_enabled=\u00bboff\u00bb button_one_border_color__hover_enabled=\u00bboff\u00bb button_two_border_color__hover_enabled=\u00bboff\u00bb button_border_radius__hover_enabled=\u00bboff\u00bb button_one_border_radius__hover_enabled=\u00bboff\u00bb button_two_border_radius__hover_enabled=\u00bboff\u00bb button_letter_spacing__hover_enabled=\u00bboff\u00bb button_one_letter_spacing__hover_enabled=\u00bboff\u00bb button_two_letter_spacing__hover_enabled=\u00bboff\u00bb button_bg_color__hover_enabled=\u00bboff\u00bb button_one_bg_color__hover_enabled=\u00bboff\u00bb button_two_bg_color__hover_enabled=\u00bboff\u00bb][\/et_pb_contact_field][et_pb_contact_field field_id=\u00bbAsunto\u00bb field_title=\u00bbAsunto\u00bb _builder_version=\u00bb4.16&#8243; form_field_background_color=\u00bb#ffffff\u00bb form_field_text_color=\u00bb#000000&#8243; form_field_text_align=\u00bbleft\u00bb form_field_font_size=\u00bb16px\u00bb text_orientation=\u00bbleft\u00bb width=\u00bb30%\u00bb max_width=\u00bb100%\u00bb border_radii=\u00bbon|10px|10px|10px|10px\u00bb border_width_all=\u00bb1px\u00bb border_color_all=\u00bb#0c71c3&#8243; global_colors_info=\u00bb{}\u00bb button_text_size__hover_enabled=\u00bboff\u00bb button_one_text_size__hover_enabled=\u00bboff\u00bb button_two_text_size__hover_enabled=\u00bboff\u00bb button_text_color__hover_enabled=\u00bboff\u00bb button_one_text_color__hover_enabled=\u00bboff\u00bb button_two_text_color__hover_enabled=\u00bboff\u00bb button_border_width__hover_enabled=\u00bboff\u00bb button_one_border_width__hover_enabled=\u00bboff\u00bb button_two_border_width__hover_enabled=\u00bboff\u00bb button_border_color__hover_enabled=\u00bboff\u00bb button_one_border_color__hover_enabled=\u00bboff\u00bb button_two_border_color__hover_enabled=\u00bboff\u00bb button_border_radius__hover_enabled=\u00bboff\u00bb button_one_border_radius__hover_enabled=\u00bboff\u00bb button_two_border_radius__hover_enabled=\u00bboff\u00bb button_letter_spacing__hover_enabled=\u00bboff\u00bb button_one_letter_spacing__hover_enabled=\u00bboff\u00bb button_two_letter_spacing__hover_enabled=\u00bboff\u00bb button_bg_color__hover_enabled=\u00bboff\u00bb button_one_bg_color__hover_enabled=\u00bboff\u00bb button_two_bg_color__hover_enabled=\u00bboff\u00bb][\/et_pb_contact_field][et_pb_contact_field field_id=\u00bbMensaje\u00bb field_title=\u00bb\u00bfEn que te Puedo Ayudar?\u00bb field_type=\u00bbtext\u00bb fullwidth_field=\u00bbon\u00bb _builder_version=\u00bb4.16&#8243; form_field_background_color=\u00bb#ffffff\u00bb form_field_text_color=\u00bb#000000&#8243; form_field_font_size=\u00bb16px\u00bb border_radii=\u00bbon|10px|10px|10px|10px\u00bb border_width_all=\u00bb1px\u00bb border_color_all=\u00bb#0c71c3&#8243; global_colors_info=\u00bb{}\u00bb button_text_size__hover_enabled=\u00bboff\u00bb button_one_text_size__hover_enabled=\u00bboff\u00bb button_two_text_size__hover_enabled=\u00bboff\u00bb button_text_color__hover_enabled=\u00bboff\u00bb button_one_text_color__hover_enabled=\u00bboff\u00bb button_two_text_color__hover_enabled=\u00bboff\u00bb button_border_width__hover_enabled=\u00bboff\u00bb button_one_border_width__hover_enabled=\u00bboff\u00bb button_two_border_width__hover_enabled=\u00bboff\u00bb button_border_color__hover_enabled=\u00bboff\u00bb button_one_border_color__hover_enabled=\u00bboff\u00bb button_two_border_color__hover_enabled=\u00bboff\u00bb button_border_radius__hover_enabled=\u00bboff\u00bb button_one_border_radius__hover_enabled=\u00bboff\u00bb button_two_border_radius__hover_enabled=\u00bboff\u00bb button_letter_spacing__hover_enabled=\u00bboff\u00bb button_one_letter_spacing__hover_enabled=\u00bboff\u00bb button_two_letter_spacing__hover_enabled=\u00bboff\u00bb button_bg_color__hover_enabled=\u00bboff\u00bb button_one_bg_color__hover_enabled=\u00bboff\u00bb button_two_bg_color__hover_enabled=\u00bboff\u00bb][\/et_pb_contact_field][\/et_pb_contact_form][et_pb_social_media_follow _builder_version=\u00bb4.16&#8243; text_orientation=\u00bbcenter\u00bb border_radii=\u00bbon|100px|100px|100px|100px\u00bb global_colors_info=\u00bb{}\u00bb][et_pb_social_media_follow_network social_network=\u00bbinstagram\u00bb url=\u00bbhttps:\/\/www.instagram.com\/casadabalconada\/\u00bb _builder_version=\u00bb4.16&#8243; background_color=\u00bb#ea2c59&#8243; global_colors_info=\u00bb{}\u00bb follow_button=\u00bboff\u00bb url_new_window=\u00bbon\u00bb]instagram[\/et_pb_social_media_follow_network][et_pb_social_media_follow_network social_network=\u00bbfacebook\u00bb url=\u00bbhttps:\/\/es-es.facebook.com\/pages\/category\/Hotel\/Pensi%C3%B3n-Casa-da-Balconada-2021003898112624\/\u00bb _builder_version=\u00bb4.16&#8243; background_color=\u00bb#3b5998&#8243; global_colors_info=\u00bb{}\u00bb follow_button=\u00bboff\u00bb url_new_window=\u00bbon\u00bb]facebook[\/et_pb_social_media_follow_network][et_pb_social_media_follow_network social_network=\u00bbyoutube\u00bb url=\u00bbhttps:\/\/www.youtube.com\/channel\/UCS56pXNXpgiqOVzht7z2YVA\u00bb _builder_version=\u00bb4.16&#8243; background_color=\u00bb#a82400&#8243; global_colors_info=\u00bb{}\u00bb follow_button=\u00bboff\u00bb url_new_window=\u00bbon\u00bb]youtube[\/et_pb_social_media_follow_network][\/et_pb_social_media_follow][\/et_pb_column][\/et_pb_row][\/et_pb_section][et_pb_section fb_built=\u00bb1&#8243; _builder_version=\u00bb4.16&#8243; custom_padding=\u00bb3px|||||\u00bb global_colors_info=\u00bb{}\u00bb][et_pb_row _builder_version=\u00bb4.16&#8243; global_colors_info=\u00bb{}\u00bb][et_pb_column type=\u00bb4_4&#8243; _builder_version=\u00bb4.16&#8243; global_colors_info=\u00bb{}\u00bb][et_pb_code _builder_version=\u00bb4.16&#8243; text_orientation=\u00bbcenter\u00bb global_colors_info=\u00bb{}\u00bb]<div class=\"gtranslate_wrapper\" id=\"gt-wrapper-42350276\"><\/div>[\/et_pb_code][\/et_pb_column][\/et_pb_row][\/et_pb_section]<\/p>\n","protected":false},"excerpt":{"rendered":"<p>  <div  id=\"avirato_container\" style=\"  margin:0 auto; width:100%;z-index: 900;\">\r\n      <div class=\"avirato_form\" >\r\n\r\n      <form id=\"form_avirato\" class=\"simpleCal\" action=\"https:\/\/avirato.com\/motor_reservas\/reserva_online.php?code=22382520\" target=\"_blank\" method=\"POST\">\r\n      <div>\r\n      <input  placeholder=\"Llegada\" type=\"text\" id=\"date-picker-1-1\" readonly=\"readonly\" style=\"\" name=\"from\" > <span class=\"material-icons iconAv\">event<\/span>\r\n      <\/div>\r\n      <div>\r\n      <input  placeholder=\"Salida\" type=\"text\" id=\"date-picker-2-1\" readonly=\"readonly\" name=\"to\" style=\"\" ><span class=\"material-icons iconAv\">event<\/span>\r\n      <\/div>\r\n      <div>\r\n      <input type=\"text\" id=\"prom\" name=\"cod_promocional\" placeholder=\"C\u00f3digo Promocional\">\r\n      <\/div>\r\n      <div>\r\n      <input class=\"btn\" style=\"\" id=\"check-availability\" type=\"submit\" value=\"Reservar\">\r\n      <\/div>\r\n      <\/form>\r\n      <\/div>\r\n      <\/div>\r\n       10% DE DESCUENTOR\u00faa Xelmirez 9, Santiago de Compostela, A Coru\u00f1a, 157043 Habitaciones Dobles con Balcon, 3 Habitaciones Dobles Est\u00e1ndar+34 625 892 742 Cristina casadabalconada@gmail.com\u00a0Av. de Rodrigo del Padron, s\/n 15705 Santiago de Compostela (16,40\u20ac \/ 24 h)CASA\u00a0 DA\u00a0 BALCONADA\u00a0 ESTA\u00a0 UBICADA EN\u00a0 LA\u00a0 ZONA\u00a0 PEATONAL!Bienvenidos a NUESTRA PENSION\u00a0Casa da Balconada, situada en el [&hellip;]<\/p>\n","protected":false},"author":1,"featured_media":0,"parent":0,"menu_order":0,"comment_status":"closed","ping_status":"closed","template":"","meta":{"_et_pb_use_builder":"on","_et_pb_old_content":"","_et_gb_content_width":"","_joinchat":[],"footnotes":""},"class_list":["post-1034","page","type-page","status-publish","hentry"],"_links":{"self":[{"href":"https:\/\/casadabalconada.com\/index.php\/wp-json\/wp\/v2\/pages\/1034","targetHints":{"allow":["GET"]}}],"collection":[{"href":"https:\/\/casadabalconada.com\/index.php\/wp-json\/wp\/v2\/pages"}],"about":[{"href":"https:\/\/casadabalconada.com\/index.php\/wp-json\/wp\/v2\/types\/page"}],"author":[{"embeddable":true,"href":"https:\/\/casadabalconada.com\/index.php\/wp-json\/wp\/v2\/users\/1"}],"replies":[{"embeddable":true,"href":"https:\/\/casadabalconada.com\/index.php\/wp-json\/wp\/v2\/comments?post=1034"}],"version-history":[{"count":63,"href":"https:\/\/casadabalconada.com\/index.php\/wp-json\/wp\/v2\/pages\/1034\/revisions"}],"predecessor-version":[{"id":1583,"href":"https:\/\/casadabalconada.com\/index.php\/wp-json\/wp\/v2\/pages\/1034\/revisions\/1583"}],"wp:attachment":[{"href":"https:\/\/casadabalconada.com\/index.php\/wp-json\/wp\/v2\/media?parent=1034"}],"curies":[{"name":"wp","href":"https:\/\/api.w.org\/{rel}","templated":true}]}}